{"id":567,"date":"2019-03-14T00:12:01","date_gmt":"2019-03-13T23:12:01","guid":{"rendered":"https:\/\/ikasougou.com\/akamservices\/?post_type=product&#038;p=567"},"modified":"2024-03-23T16:28:03","modified_gmt":"2024-03-23T15:28:03","slug":"macbook-pro-15-pouces","status":"publish","type":"product","link":"https:\/\/ikasougou.com\/akamservices\/produit\/macbook-pro-15-pouces\/","title":{"rendered":"MacBOOK PRO 15 POUCES"},"content":{"rendered":"<div class=\"techspecs-section section-hardware\" role=\"rowgroup\">\n<div class=\"techspecs-row\" role=\"row\">\n<div class=\"techspecs-column\" role=\"cell gridcell\">\n<div class=\"column large-6\"><\/div>\n<\/div>\n<\/div>\n<\/div>\n<div class=\"techspecs-section section-touchbar\" role=\"rowgroup\">\n<div class=\"techspecs-row\" role=\"row\">\n<div class=\"techspecs-rowheader\" role=\"rowheader\"><strong>Touch\u00a0Bar<\/strong><\/div>\n<div class=\"techspecs-column\" role=\"cell gridcell\">\n<div class=\"column \">\n<p>Touch\u00a0Bar avec capteur Touch\u00a0ID int\u00e9gr\u00e9<\/p>\n<\/div>\n<\/div>\n<\/div>\n<\/div>\n<div class=\"techspecs-section section-finish\" role=\"rowgroup\">\n<div class=\"techspecs-row\" role=\"row\">\n<div class=\"techspecs-rowheader\" role=\"rowheader\">Finition<\/div>\n<div class=\"techspecs-column\" role=\"cell gridcell\">\n<div class=\"column large-12\">\n<figure class=\"image-finish\"><\/figure>\n<p><strong><span class=\"variant-separation\">Argent<\/span>Gris sid\u00e9ral<\/strong><\/div>\n<\/div>\n<\/div>\n<\/div>\n<div class=\"techspecs-section section-display\" role=\"rowgroup\" data-analytics-section-engagement=\"name:fifteen-inch display\">\n<div class=\"techspecs-row\" role=\"row\">\n<div class=\"techspecs-rowheader\" role=\"rowheader\">\u00c9cran<\/div>\n<div class=\"techspecs-column\" role=\"cell gridcell\">\n<div class=\"column large-12\">\n<h4 class=\"techspecs-small-heading\"><strong>\u00c9cran\u00a0Retina<\/strong><\/h4>\n<p>\u00c9cran r\u00e9tro\u00e9clair\u00e9 par LED de 15,4\u00a0pouces (diagonale) avec technologie IPS\u00a0; r\u00e9solution native de 2\u00a0880\u00a0x 1\u00a0800 pixels \u00e0 220\u00a0pixels par pouce avec prise en charge de millions de\u00a0couleurs<\/p>\n<p>R\u00e9solutions \u00e0\u00a0l\u2019\u00e9chelle disponibles\u00a0:<\/p>\n<ul>\n<li>1\u00a0920\u00a0x 1\u00a0200<\/li>\n<li>1\u00a0680 x\u00a01\u00a0050<\/li>\n<li>1\u00a0280 x\u00a0800<\/li>\n<li>1\u00a0024\u00a0x\u00a0640<\/li>\n<\/ul>\n<p>Luminance de\u00a0500\u00a0nits<\/p>\n<p>Large gamme de couleurs\u00a0(P3)<\/p>\n<p>Technologie True\u00a0Tone<\/p>\n<div class=\"techspecs-rowheader\" role=\"rowheader\"><strong>Processeur<\/strong><\/div>\n<div class=\"techspecs-column\" role=\"cell gridcell\">\n<div class=\"column large-6\">\n<h4>2,2\u00a0GHz<\/h4>\n<p>Intel Core\u00a0i7 hexac\u0153ur \u00e0\u00a02,2\u00a0GHz (Turbo\u00a0Boost jusqu\u2019\u00e0 4,1\u00a0GHz) avec 9\u00a0Mo de\u00a0cache\u00a0N3 partag\u00e9<\/p>\n<div class=\"techspecs-section section-storage\" role=\"rowgroup\" data-analytics-section-engagement=\"name:fifteen-inch storage\">\n<div class=\"techspecs-row\" role=\"row\">\n<div class=\"techspecs-rowheader\" role=\"rowheader\"><strong>Stockage<\/strong><\/div>\n<div class=\"techspecs-column\" role=\"cell gridcell\">\n<div class=\"column large-6 option-1-spacing\">\n<p class=\"violator\">256\u00a0Go<\/p>\n<p>SSD de\u00a0256\u00a0Go<\/p>\n<\/div>\n<div class=\"column large-6 option-2-spacing\">\n<div class=\"techspecs-section section-memory\" role=\"rowgroup\">\n<div class=\"techspecs-row\" role=\"row\">\n<div class=\"techspecs-rowheader\" role=\"rowheader\">M\u00e9moire<\/div>\n<div class=\"techspecs-column\" role=\"cell gridcell\">\n<div class=\"column large-12\">\n<p class=\"violator\">16\u00a0Go<\/p>\n<p>16\u00a0Go de m\u00e9moire int\u00e9gr\u00e9e DDR4 \u00e0 2\u00a0400\u00a0MHz<\/p>\n<div class=\"techspecs-rowheader\" role=\"rowheader\">Processeurs graphiques<\/div>\n<div class=\"techspecs-column\" role=\"cell gridcell\">\n<div class=\"column large-6 two-point-eight-ghz\">\n<ul>\n<li>Radeon\u00a0Pro\u00a0555X avec 4\u00a0Go de m\u00e9moire GDDR5 et basculement automatique entre les processeurs graphiques<\/li>\n<li>Intel UHD Graphics\u00a0630<\/li>\n<li>\n<div class=\"techspecs-section section-charging\" role=\"rowgroup\">\n<div class=\"techspecs-row\" role=\"row\">\n<div class=\"techspecs-rowheader\" role=\"rowheader\">\u00a0echarge et extension<\/div>\n<div class=\"techspecs-column\" role=\"cell gridcell\">\n<div class=\"column large-10 small-10\">\n<h4 class=\"\">Quatre ports Thunderbolt\u00a03 (USB\u2011C) avec prise en charge de\u00a0:<\/h4>\n<ul>\n<li>Recharge<\/li>\n<li>DisplayPort<\/li>\n<li>Thunderbolt (jusqu\u2019\u00e0\u00a040\u00a0Gbit\/s)<\/li>\n<li>USB\u00a03.1 Gen\u00a02 (jusqu\u2019\u00e0\u00a010\u00a0Gbit\/s)<\/li>\n<\/ul>\n<figure class=\" image-ports-15\"><figcaption class=\"typography-keyline keyline headphone-15\">Casque<\/figcaption><figcaption class=\"typography-keyline keyline thunderbolt-15-top\">Thunderbolt\u00a03<\/figcaption><figcaption class=\"typography-keyline keyline thunderbolt-15-bottom\">Thunderbolt\u00a03<\/figcaption><\/figure>\n<\/div>\n<\/div>\n<\/div>\n<\/div>\n<div class=\"techspecs-section section-keyboard-trackpad\" role=\"rowgroup\">\n<div class=\"techspecs-row\" role=\"row\">\n<div class=\"techspecs-rowheader\" role=\"rowheader\">Clavier et trackpad<\/div>\n<div class=\"techspecs-column\" role=\"cell gridcell\">\n<div class=\"column large-12 small-11\">\n<h4 class=\"\"><\/h4>\n<h4 class=\" subhead-spacing\">Clavier complet r\u00e9tro\u00e9clair\u00e9 avec\u00a0:<\/h4>\n<ul>\n<li>64\u00a0touches (US) ou 65\u00a0touches (ISO), incluant 4\u00a0touches fl\u00e9ch\u00e9es<\/li>\n<li>Touch\u00a0Bar avec capteur Touch\u00a0ID int\u00e9gr\u00e9<\/li>\n<li>Capteur de luminosit\u00e9 ambiante<\/li>\n<\/ul>\n<p>Trackpad Force\u00a0Touch pour un\u00a0contr\u00f4le pr\u00e9cis du curseur et des\u00a0capacit\u00e9s de d\u00e9tection de la\u00a0pression\u00a0; clics forc\u00e9s, acc\u00e9l\u00e9rateurs, dessin sensible \u00e0\u00a0la\u00a0pression et gestes Multi\u2011Touch<\/p>\n<figure class=\"image-15-touchbar\"><figcaption class=\"typography-keyline keyline touchbar\">Touch\u00a0Bar<\/figcaption><figcaption class=\"typography-keyline keyline trackpad\">Trackpad Force\u00a0Touch<\/figcaption><figcaption class=\"typography-keyline keyline \"><\/figcaption><figcaption class=\"typography-keyline keyline \"><\/figcaption><\/figure>\n<\/div>\n<\/div>\n<\/div>\n<\/div>\n<div class=\"techspecs-section section-wireless\" role=\"rowgroup\">\n<div class=\"techspecs-row\" role=\"row\">\n<div class=\"techspecs-rowheader\" role=\"rowheader\">Sans\u2011fil<\/div>\n<div class=\"techspecs-column\" role=\"cell gridcell\">\n<div class=\"column large-12\">\n<h4>Wi\u2011Fi<\/h4>\n<p>Connectivit\u00e9 Wi\u2011Fi 802.11ac\u00a0; compatible IEEE 802.11a\/b\/g\/n<\/p>\n<h4 class=\"bluetooth\">Bluetooth<\/h4>\n<p>Technologie sans fil Bluetooth\u00a05.0<\/p>\n<\/div>\n<\/div>\n<\/div>\n<\/div>\n<div class=\"techspecs-section section-camera\" role=\"rowgroup\">\n<div class=\"techspecs-row\" role=\"row\">\n<div class=\"techspecs-rowheader\" role=\"rowheader\">Cam\u00e9ra<\/div>\n<div class=\"techspecs-column\" role=\"cell gridcell\">\n<div class=\"column large-12\">\n<p>Cam\u00e9ra FaceTime HD 720p<\/p>\n<\/div>\n<\/div>\n<\/div>\n<\/div>\n<div class=\"techspecs-section section-video-support\" role=\"rowgroup\" data-analytics-section-engagement=\"name:fifteen-inch video-support\">\n<div class=\"techspecs-row\" role=\"row\">\n<div class=\"techspecs-rowheader\" role=\"rowheader\">Compatibilit\u00e9 vid\u00e9o<\/div>\n<div class=\"techspecs-column\" role=\"cell gridcell\">\n<div class=\"column large-10\">\n<h4>Prise en charge simultan\u00e9e de la r\u00e9solution native sur l\u2019\u00e9cran int\u00e9gr\u00e9 en millions de\u00a0couleurs et\u00a0:<\/h4>\n<ul>\n<li>Jusqu\u2019\u00e0 deux\u00a0\u00e9crans d\u2019une r\u00e9solution de 5\u00a0120\u00a0x 2\u00a0880\u00a0pixels \u00e0\u00a060\u00a0Hz avec plus d\u2019un\u00a0milliard de couleurs<\/li>\n<li>Jusqu\u2019\u00e0 quatre\u00a0\u00e9crans d\u2019une r\u00e9solution de 4\u00a0096\u00a0x 2\u00a0304\u00a0pixels \u00e0 60\u00a0Hz avec plus d\u2019un milliard de couleurs<\/li>\n<\/ul>\n<\/div>\n<div class=\"column large-10\">\n<h4>Sortie vid\u00e9o num\u00e9rique Thunderbolt\u00a03<\/h4>\n<ul>\n<li>Sortie DisplayPort native par USB\u2011C<\/li>\n<li>Sorties VGA, HDMI, DVI et Thunderbolt\u00a02 prises en\u00a0charge \u00e0\u00a0l\u2019aide d\u2019adaptateurs (vendus s\u00e9par\u00e9ment)<\/li>\n<\/ul>\n<\/div>\n<\/div>\n<\/div>\n<\/div>\n<div class=\"techspecs-section section-audio\" role=\"rowgroup\">\n<div class=\"techspecs-row\" role=\"row\">\n<div class=\"techspecs-rowheader\" role=\"rowheader\">Audio<\/div>\n<div class=\"techspecs-column\" role=\"cell gridcell\">\n<div class=\"column large-12 fifteen-touchbar\">\n<h4><\/h4>\n<ul>\n<li>Haut\u2011parleurs st\u00e9r\u00e9o \u00e0\u00a0gamme dynamique \u00e9lev\u00e9e<\/li>\n<li>Trois micros<\/li>\n<li>Prise casque 3,5\u00a0mm<\/li>\n<\/ul>\n<\/div>\n<\/div>\n<\/div>\n<\/div>\n<div class=\"techspecs-section section-battery\" role=\"rowgroup\">\n<div class=\"techspecs-row\" role=\"row\">\n<div class=\"techspecs-rowheader\" role=\"rowheader\">Batterie et alimentation<sup><a class=\"footnote\" href=\"https:\/\/www.apple.com\/ml\/macbook-pro\/specs\/#footnote-2\">2<\/a><\/sup><\/div>\n<div class=\"techspecs-column\" role=\"cell gridcell\">\n<div class=\"column large-12\">\n<ul>\n<li>Jusqu\u2019\u00e0 10\u00a0heures de navigation web sans\u00a0fil<\/li>\n<li>Jusqu\u2019\u00e0\u00a010 heures de lecture de films iTunes<\/li>\n<li>Jusqu\u2019\u00e0 30\u00a0jours d\u2019autonomie en veille<\/li>\n<li>Batterie lithium-polym\u00e8re int\u00e9gr\u00e9e de 83,6\u00a0W\/h<\/li>\n<li>Adaptateur secteur USB\u2011C 87\u00a0W<\/li>\n<\/ul>\n<\/div>\n<\/div>\n<\/div>\n<\/div>\n<div class=\"techspecs-section section-electrical\" role=\"rowgroup\">\n<div class=\"techspecs-row\" role=\"row\">\n<div class=\"techspecs-rowheader\" role=\"rowheader\">Conditions de fonctionnement<\/div>\n<div class=\"techspecs-column\" role=\"cell gridcell\">\n<div class=\"column large-12\">\n<h4>Tension\u00a0:<span class=\"typography-body\"> de 100 \u00e0\u00a0240\u00a0V\u00a0CA<\/span><\/h4>\n<\/div>\n<div class=\"column large-12\">\n<h4>Fr\u00e9quence\u00a0: <span class=\"typography-body\">de 50 \u00e0 60\u00a0Hz<\/span><\/h4>\n<\/div>\n<div class=\"column large-12\">\n<h4>Temp\u00e9rature d\u2019utilisation\u00a0: <span class=\"typography-body\">de 10 \u00e0 35\u00a0\u00b0C<\/span><\/h4>\n<\/div>\n<div class=\"column large-12\">\n<h4>Temp\u00e9rature de rangement :<span class=\"typography-body\"> de -25 \u00e0 45\u00a0\u00b0C<\/span><\/h4>\n<\/div>\n<div class=\"column large-12\">\n<h4>Humidit\u00e9 relative\u00a0:<span class=\"typography-body\"> de 0 \u00e0 90\u00a0% sans condensation<\/span><\/h4>\n<\/div>\n<div class=\"column large-12\">\n<h4>Altitude maximale\u00a0:<span class=\"typography-body\"> test\u00e9 jusqu\u2019\u00e0 3\u00a0000\u00a0m<\/span><\/h4>\n<\/div>\n<div class=\"column large-12\">\n<h4>Altitude maximale de rangement\u00a0:<span class=\"typography-body\"> 4\u00a0500\u00a0m<\/span><\/h4>\n<\/div>\n<div class=\"column large-12\">\n<h4>Altitude maximale de transport\u00a0:<span class=\"typography-body\"> 10\u00a0500\u00a0m<\/span><\/h4>\n<\/div>\n<\/div>\n<\/div>\n<\/div>\n<div class=\"techspecs-section section-size-weight\" role=\"rowgroup\">\n<div class=\"techspecs-row\" role=\"row\">\n<div class=\"techspecs-rowheader\" role=\"rowheader\">Dimensions et\u00a0poids<\/div>\n<div class=\"techspecs-column\" role=\"cell gridcell\">\n<div class=\"column large-6 small-12\">\n<h4>Hauteur\u00a0: <span class=\"typography-body\">1,55\u00a0cm<\/span><\/h4>\n<h4>Largeur\u00a0: <span class=\"typography-body\">34,93\u00a0cm<\/span><\/h4>\n<h4>Profondeur\u00a0: <span class=\"typography-body\">24,07\u00a0cm<\/span><\/h4>\n<h4>Poids\u00a0: <span class=\"typography-body\">1,83\u00a0kg<sup><a class=\"footnote\" href=\"https:\/\/www.apple.com\/ml\/macbook-pro\/specs\/#footnote-3\">3<\/a><\/sup><\/span><\/h4>\n<\/div>\n<div class=\"column large-6 small-12\">\n<figure class=\"image-size\"><figcaption class=\"typography-keyline keyline height\">24,07\u00a0cm<\/figcaption><figcaption class=\"typography-keyline keyline width\">34,93\u00a0cm<\/figcaption><figcaption class=\"typography-keyline keyline depth\">1,55\u00a0cm<\/figcaption><\/figure>\n<h4><\/h4>\n<\/div>\n<\/div>\n<\/div>\n<\/div>\n<div class=\"techspecs-section section-os\" role=\"rowgroup\">\n<div class=\"techspecs-row\" role=\"row\">\n<div class=\"techspecs-rowheader\" role=\"rowheader\">Syst\u00e8me d\u2019exploitation<\/div>\n<div class=\"techspecs-column\" role=\"cell gridcell\">\n<div class=\"column large-12\">\n<h4>macOS<\/h4>\n<p>macOS est le syst\u00e8me d\u2019exploitation qui fait battre le c\u0153ur de chaque Mac. macOS\u00a0Mojave propose de nouvelles fonctionnalit\u00e9s inspir\u00e9es par les utilisateurs de Mac les plus exp\u00e9riment\u00e9s et repens\u00e9es pour le plus grand nombre. Plus que jamais, chaque clic vous ouvre tout un champ de possibilit\u00e9s.<\/p>\n<p><span class=\"icon-copy\">En\u00a0savoir\u00a0plus<\/span><\/div>\n<\/div>\n<\/div>\n<\/div>\n<div class=\"techspecs-section section-accessibility\" role=\"rowgroup\">\n<div class=\"techspecs-row\" role=\"row\">\n<div class=\"techspecs-rowheader\" role=\"rowheader\">Accessibilit\u00e9<\/div>\n<div class=\"techspecs-column\" role=\"cell gridcell\">\n<div class=\"column large-12\">\n<p>Les fonctionnalit\u00e9s d\u2019accessibilit\u00e9 aident les personnes en situation de handicap \u00e0 profiter pleinement de leur nouveau MacBook\u00a0Pro. Gr\u00e2ce \u00e0 des fonctions d\u2019assistance int\u00e9gr\u00e9es pour compenser les d\u00e9ficiences touchant la vue, l\u2019audition, les capacit\u00e9s physiques et motrices, ainsi que l\u2019apprentissage et la\u00a0ma\u00eetrise de l\u2019\u00e9crit, tout le monde peut cr\u00e9er et r\u00e9aliser de grandes choses.<\/p>\n<h4>Fonctionnalit\u00e9s incluses\u00a0:<\/h4>\n<h4 class=\"techspecs-small-heading\"><\/h4>\n<ul class=\"techspecs-list-disc\">\n<li>VoiceOver<\/li>\n<li>Zoom<\/li>\n<li>Augmenter le\u00a0contraste<\/li>\n<li>R\u00e9duire les animations<\/li>\n<li>Dict\u00e9e<\/li>\n<li>Contr\u00f4le de s\u00e9lection<\/li>\n<li>Sous\u2011titres cod\u00e9s<\/li>\n<li>Synth\u00e8se vocale<\/li>\n<li class=\"hide\"><\/li>\n<\/ul>\n<\/div>\n<\/div>\n<\/div>\n<\/div>\n<div class=\"techspecs-section section-apps\" role=\"rowgroup\" data-analytics-section-engagement=\"name:fifteen-inch apps\">\n<div class=\"techspecs-row\" role=\"row\">\n<div class=\"techspecs-rowheader\" role=\"rowheader\">Apps int\u00e9gr\u00e9es Photos iMovie<\/div>\n<div class=\"techspecs-column\" role=\"cell gridcell\">\n<div class=\"techspecs-appgrid\">\n<figure class=\"techspecs-appgrid-app\"><figcaption>GarageBand<\/figcaption><\/figure>\n<figure class=\"techspecs-appgrid-app\">\n<div class=\"techspecs-appgrid-app-icon specs-icons-pages\"><\/div><figcaption>Pages<\/figcaption><\/figure>\n<figure class=\"techspecs-appgrid-app\">\n<div class=\"techspecs-appgrid-app-icon specs-icons-numbers\"><\/div><figcaption>Numbers<\/figcaption><\/figure>\n<figure class=\"techspecs-appgrid-app\">\n<div class=\"techspecs-appgrid-app-icon specs-icons-keynote\"><\/div><figcaption>Keynote<\/figcaption><\/figure>\n<figure class=\"techspecs-appgrid-app\">\n<div class=\"techspecs-appgrid-app-icon specs-icons-siri\"><\/div><figcaption>Siri<\/figcaption><\/figure>\n<figure class=\"techspecs-appgrid-app\">\n<div class=\"techspecs-appgrid-app-icon specs-icons-safari\"><\/div><figcaption>Safari<\/figcaption><\/figure>\n<figure class=\"techspecs-appgrid-app\">\n<div class=\"techspecs-appgrid-app-icon specs-icons-mail\"><\/div><figcaption>Mail<\/figcaption><\/figure>\n<figure class=\"techspecs-appgrid-app\">\n<div class=\"techspecs-appgrid-app-icon specs-icons-facetime\"><\/div><figcaption>FaceTime<\/figcaption><\/figure>\n<figure class=\"techspecs-appgrid-app\">\n<div class=\"techspecs-appgrid-app-icon specs-icons-messages\"><\/div><figcaption>Messages<\/figcaption><\/figure>\n<figure class=\"techspecs-appgrid-app\">\n<div class=\"techspecs-appgrid-app-icon specs-icons-maps\"><\/div><figcaption>Plans<\/figcaption><\/figure>\n<figure class=\"techspecs-appgrid-app\">\n<div class=\"techspecs-appgrid-app-icon specs-icons-stocks\"><\/div><figcaption>Bourse<\/figcaption><\/figure>\n<figure class=\"techspecs-appgrid-app\">\n<div class=\"techspecs-appgrid-app-icon specs-icons-home\"><\/div><figcaption>Maison<\/figcaption><\/figure>\n<figure class=\"techspecs-appgrid-app\">\n<div class=\"techspecs-appgrid-app-icon specs-icons-voicememos\"><\/div><figcaption>Dictaphone<\/figcaption><\/figure>\n<figure class=\"techspecs-appgrid-app\">\n<div class=\"techspecs-appgrid-app-icon specs-icons-notes\"><\/div><figcaption>Notes<\/figcaption><\/figure>\n<figure class=\"techspecs-appgrid-app\">\n<div class=\"techspecs-appgrid-app-icon specs-icons-calendar\"><\/div><figcaption>Calendrier<\/figcaption><\/figure>\n<figure class=\"techspecs-appgrid-app\">\n<div class=\"techspecs-appgrid-app-icon specs-icons-contacts\"><\/div><figcaption>Contacts<\/figcaption><\/figure>\n<figure class=\"techspecs-appgrid-app\">\n<div class=\"techspecs-appgrid-app-icon specs-icons-reminders\"><\/div><figcaption>Rappels<\/figcaption><\/figure>\n<figure class=\"techspecs-appgrid-app\">\n<div class=\"techspecs-appgrid-app-icon specs-icons-photobooth\"><\/div><figcaption>Photo\u00a0Booth<\/figcaption><\/figure>\n<figure class=\"techspecs-appgrid-app\">\n<div class=\"techspecs-appgrid-app-icon specs-icons-preview\"><\/div><figcaption>Aper\u00e7u<\/figcaption><\/figure>\n<figure class=\"techspecs-appgrid-app\">\n<div class=\"techspecs-appgrid-app-icon specs-icons-itunes\"><\/div><figcaption>iTunes<\/figcaption><\/figure>\n<figure class=\"techspecs-appgrid-app\">\n<div class=\"techspecs-appgrid-app-icon specs-icons-ibooks\"><\/div><figcaption>Livres<\/figcaption><\/figure>\n<figure class=\"techspecs-appgrid-app\">\n<div class=\"techspecs-appgrid-app-icon specs-icons-appstore\"><\/div><figcaption>App\u00a0Store<\/figcaption><\/figure>\n<figure class=\"techspecs-appgrid-app\">\n<div class=\"techspecs-appgrid-app-icon specs-icons-timemachine\"><\/div><figcaption>Time Machine<\/figcaption><\/figure>\n<\/div>\n<\/div>\n<\/div>\n<\/div>\n<div class=\"techspecs-section section-in-the-box\" role=\"rowgroup\">\n<div class=\"techspecs-row\" role=\"row\">\n<div class=\"techspecs-rowheader\" role=\"rowheader\">Contenu du coffret<\/div>\n<div class=\"techspecs-column\" role=\"cell gridcell\">\n<div class=\"column large-12\">\n<ul>\n<li>MacBook\u00a0Pro 15\u00a0pouces<\/li>\n<li>Adaptateur secteur USB\u2011C 87\u00a0W<\/li>\n<li>C\u00e2ble de charge USB\u2011C (2\u00a0m)<\/li>\n<\/ul>\n<figure class=\"image-in-the-box-15\"><\/figure>\n<\/div>\n<\/div>\n<\/div>\n<\/div>\n<div class=\"techspecs-section section-warranty\" role=\"rowgroup\">\n<div class=\"techspecs-row\" role=\"row\">\n<div class=\"techspecs-rowheader\" role=\"rowheader\">Garantie et service<\/div>\n<div class=\"techspecs-column\" role=\"cell gridcell\">\n<div class=\"column large-12\">\n<p>Votre Mac est aussi assorti d\u2019une assistance technique t\u00e9l\u00e9phonique gratuite de 90 jours et d\u2019une garantie limit\u00e9e d\u2019un an. Pour plus d\u2019informations, cliquez\u00a0ici.<\/p>\n<\/div>\n<\/div>\n<\/div>\n<\/div>\n<div class=\"techspecs-section section-environment\" role=\"rowgroup\">\n<div class=\"techspecs-row\" role=\"row\">\n<header class=\"header\">\n<figure class=\"logo image-icon-environment\"><\/figure>\n<h4 class=\"callout-title\">Le MacBook\u00a0Pro et\u00a0l\u2019environ\u00adnement<\/h4>\n<p class=\"callout-copy\">Pour mesurer avec pr\u00e9cision son empreinte \u00e9cologique, Apple tient compte de chaque \u00e9tape du cycle de vie de ses produits.<\/p>\n<\/header>\n<div class=\"content\">\n<div class=\"copy\">\n<h4>Afin de r\u00e9duire son impact sur l\u2019environ\u00adnement, le MacBook\u00a0Pro est con\u00e7u avec les caract\u00e9ristiques suivantes\u00a0:<\/h4>\n<ul>\n<li>\u00c9cran r\u00e9tro\u00e9clair\u00e9 par LED sans mercure<\/li>\n<li>Verre sans arsenic<\/li>\n<li>Sans RFB<\/li>\n<li>Sans PVC<sup>5<\/sup><\/li>\n<li>Sans b\u00e9ryllium<\/li>\n<li>Bo\u00eetier en aluminium hautement recyclable<\/li>\n<li>Conforme \u00e0 la norme ENERGY\u00a0STAR<\/li>\n<li>Mention Gold de l\u2019EPEAT<sup>6<\/sup><\/li>\n<\/ul>\n<\/div>\n<\/div>\n<\/div>\n<\/div>\n<\/li>\n<\/ul>\n<\/div>\n<\/div>\n<\/div>\n<\/div>\n<\/div>\n<\/div>\n<\/div>\n<\/div>\n<\/div>\n<\/div>\n<\/div>\n<\/div>\n<\/div>\n<\/div>\n<\/div>\n<\/div>\n<div style=\"display:flex; gap:10px;justify-content:center\" class=\"wps-pgfw-pdf-generate-icon__wrapper-frontend\">\n\t\t<a  href=\"https:\/\/ikasougou.com\/akamservices\/wp-json\/wp\/v2\/product\/567?action=genpdf&amp;id=567\" class=\"pgfw-single-pdf-download-button\" ><img src=\"https:\/\/ikasougou.com\/akamservices\/wp-content\/plugins\/pdf-generator-for-wp\/admin\/src\/images\/PDF_Tray.svg\" title=\"G\u00e9n\u00e9rer un PDF\" style=\"width:auto; height:45px;\"><\/a>\n\t\t<\/div>","protected":false},"excerpt":{"rendered":"<p>Touch\u00a0Bar Touch\u00a0Bar avec capteur Touch\u00a0ID int\u00e9gr\u00e9 Finition ArgentGris sid\u00e9ral \u00c9cran \u00c9cran\u00a0Retina \u00c9cran r\u00e9tro\u00e9clair\u00e9 par LED de 15,4\u00a0pouces (diagonale) avec technologie IPS\u00a0; r\u00e9solution native de 2\u00a0880\u00a0x 1\u00a0800 pixels \u00e0 220\u00a0pixels par pouce avec prise en charge de millions de\u00a0couleurs R\u00e9solutions \u00e0\u00a0l\u2019\u00e9chelle disponibles\u00a0: 1\u00a0920\u00a0x 1\u00a0200 1\u00a0680 x\u00a01\u00a0050 1\u00a0280 x\u00a0800 1\u00a0024\u00a0x\u00a0640 Luminance de\u00a0500\u00a0nits Large gamme de couleurs\u00a0(P3) Technologie [&#8230;]\n","protected":false},"featured_media":568,"comment_status":"open","ping_status":"closed","template":"","meta":{"jetpack_post_was_ever_published":false,"jetpack_publicize_message":"","jetpack_publicize_feature_enabled":true,"jetpack_social_post_already_shared":true,"jetpack_social_options":{"image_generator_settings":{"template":"highway","default_image_id":0,"font":"","enabled":false},"version":2}},"product_brand":[],"product_cat":[18,20],"product_tag":[],"class_list":{"0":"post-567","1":"product","2":"type-product","3":"status-publish","4":"has-post-thumbnail","6":"product_cat-hightech","7":"product_cat-ordinateur-bureautique","9":"first","10":"instock","11":"shipping-taxable","12":"purchasable","13":"product-type-simple"},"ams_default_variation_id":0,"ams_product_points_reward":[],"ams_product_discount_percentage":0,"ams_price_to_display":1935000,"aioseo_notices":[],"ams_acf":[],"jetpack_publicize_connections":[],"jetpack_sharing_enabled":true,"jetpack_likes_enabled":true,"_links":{"self":[{"href":"https:\/\/ikasougou.com\/akamservices\/wp-json\/wp\/v2\/product\/567","targetHints":{"allow":["GET"]}}],"collection":[{"href":"https:\/\/ikasougou.com\/akamservices\/wp-json\/wp\/v2\/product"}],"about":[{"href":"https:\/\/ikasougou.com\/akamservices\/wp-json\/wp\/v2\/types\/product"}],"replies":[{"embeddable":true,"href":"https:\/\/ikasougou.com\/akamservices\/wp-json\/wp\/v2\/comments?post=567"}],"wp:featuredmedia":[{"embeddable":true,"href":"https:\/\/ikasougou.com\/akamservices\/wp-json\/wp\/v2\/media\/568"}],"wp:attachment":[{"href":"https:\/\/ikasougou.com\/akamservices\/wp-json\/wp\/v2\/media?parent=567"}],"wp:term":[{"taxonomy":"product_brand","embeddable":true,"href":"https:\/\/ikasougou.com\/akamservices\/wp-json\/wp\/v2\/product_brand?post=567"},{"taxonomy":"product_cat","embeddable":true,"href":"https:\/\/ikasougou.com\/akamservices\/wp-json\/wp\/v2\/product_cat?post=567"},{"taxonomy":"product_tag","embeddable":true,"href":"https:\/\/ikasougou.com\/akamservices\/wp-json\/wp\/v2\/product_tag?post=567"}],"curies":[{"name":"wp","href":"https:\/\/api.w.org\/{rel}","templated":true}]}}